{"id":11,"date":"2019-10-04T19:48:29","date_gmt":"2019-10-04T19:48:29","guid":{"rendered":"https:\/\/alicanteabout.com\/?page_id=11"},"modified":"2023-12-12T23:35:36","modified_gmt":"2023-12-12T23:35:36","slug":"przewodnik","status":"publish","type":"page","link":"https:\/\/alicanteabout.com\/pl\/","title":{"rendered":"Guide to Alicante \ud83c\udf05 [by An Alicantinian]"},"content":{"rendered":"<h2 class=\"wp-block-heading\"><a href=\"https:\/\/alicanteabout.com\/pl\/kategoria\/operatorzy-sieci\/\">Operatorzy sieci:<\/a><\/h2>\n\n\n<div class=\"pt-cv-wrapper\"><div class=\"pt-cv-view pt-cv-grid pt-cv-colsys\" id=\"pt-cv-view-2d984669n4\"><div data-id=\"pt-cv-page-1\" class=\"pt-cv-page\" data-cvc=\"2\"><div class=\"col-md-6 col-sm-6 col-xs-12 pt-cv-content-item pt-cv-1-col\" ><div class='pt-cv-ifield'><a href=\"https:\/\/alicanteabout.com\/pl\/networkoperators\/sim-card-in-spain-for-english-speakers\/\" class=\"_self pt-cv-href-thumbnail pt-cv-thumb-default\" target=\"_self\" ><img loading=\"lazy\" decoding=\"async\" width=\"300\" height=\"225\" src=\"https:\/\/alicanteabout.com\/wp-content\/uploads\/2022\/05\/20220508_221424-300x225.jpg\" class=\"pt-cv-thumbnail\" alt=\"Karty Sim\" srcset=\"https:\/\/alicanteabout.com\/wp-content\/uploads\/2022\/05\/20220508_221424-300x225.jpg 300w, https:\/\/alicanteabout.com\/wp-content\/uploads\/2022\/05\/20220508_221424-1024x768.jpg 1024w, https:\/\/alicanteabout.com\/wp-content\/uploads\/2022\/05\/20220508_221424-768x576.jpg 768w, https:\/\/alicanteabout.com\/wp-content\/uploads\/2022\/05\/20220508_221424-1536x1152.jpg 1536w, https:\/\/alicanteabout.com\/wp-content\/uploads\/2022\/05\/20220508_221424-2048x1536.jpg 2048w\" sizes=\"auto, (max-width: 300px) 100vw, 300px\" \/><\/a>\n<h4 class=\"pt-cv-title\"><a href=\"https:\/\/alicanteabout.com\/pl\/networkoperators\/sim-card-in-spain-for-english-speakers\/\" class=\"_self\" target=\"_self\" >Najlepsze karty SIM w Hiszpanii, je\u015bli nie m\u00f3wisz po hiszpa\u0144sku\u30102024 Aktualizacja\u3011<\/a><\/h4>\n<div class=\"pt-cv-content\">Podczas d\u0142u\u017cszego pobytu w Hiszpanii j\u0119zyk lokalny staje si\u0119 coraz bardziej niezb\u0119dny. Je\u015bli ...<br \/><div class=\"pt-cv-rmwrap\"><a href=\"https:\/\/alicanteabout.com\/pl\/networkoperators\/sim-card-in-spain-for-english-speakers\/\" class=\"_self pt-cv-readmore btn btn-success\" target=\"_self\">Czytaj wi\u0119cej<\/a><\/div><\/div><\/div><\/div>\n<div class=\"col-md-6 col-sm-6 col-xs-12 pt-cv-content-item pt-cv-1-col\" ><div class='pt-cv-ifield'><a href=\"https:\/\/alicanteabout.com\/pl\/networkoperators\/mobile-phone-networks-operators-spain\/\" class=\"_self pt-cv-href-thumbnail pt-cv-thumb-default\" target=\"_self\" ><img loading=\"lazy\" decoding=\"async\" width=\"300\" height=\"157\" src=\"https:\/\/alicanteabout.com\/wp-content\/uploads\/2019\/10\/mobileoperators.png\" class=\"pt-cv-thumbnail\" alt=\"G\u0142\u00f3wne marki hiszpa\u0144skich operator\u00f3w kom\u00f3rkowych\" \/><\/a>\n<h4 class=\"pt-cv-title\"><a href=\"https:\/\/alicanteabout.com\/pl\/networkoperators\/mobile-phone-networks-operators-spain\/\" class=\"_self\" target=\"_self\" >Karty SIM w Hiszpanii - jak j\u0105 zdoby\u0107?<\/a><\/h4>\n<div class=\"pt-cv-content\">Podr\u00f3\u017cowanie lub przeprowadzka do nowego kraju mo\u017ce wydawa\u0107 si\u0119 przyt\u0142aczaj\u0105ca, gdy poznajemy lokalne marki, kt\u00f3rych potrzebujemy ...<br \/><div class=\"pt-cv-rmwrap\"><a href=\"https:\/\/alicanteabout.com\/pl\/networkoperators\/mobile-phone-networks-operators-spain\/\" class=\"_self pt-cv-readmore btn btn-success\" target=\"_self\">Czytaj wi\u0119cej<\/a><\/div><\/div><\/div><\/div><\/div><\/div><\/div>\n\n\n\n<hr class=\"wp-block-separator has-css-opacity\"\/>\n\n\n\n<h2 class=\"wp-block-heading\"><a href=\"https:\/\/alicanteabout.com\/pl\/kategoria\/miejsca\/plaze\/\">Pla\u017ce w Alicante:<\/a><\/h2>\n\n\n<div class=\"pt-cv-wrapper\"><div class=\"pt-cv-view pt-cv-grid pt-cv-colsys\" id=\"pt-cv-view-cbef709snz\"><div data-id=\"pt-cv-page-1\" class=\"pt-cv-page\" data-cvc=\"2\"><div class=\"col-md-6 col-sm-6 col-xs-12 pt-cv-content-item pt-cv-1-col\" ><div class='pt-cv-ifield'><a href=\"https:\/\/alicanteabout.com\/pl\/places\/beaches\/cabo-de-san-juan-coves-services-location-tips-photos\/\" class=\"_self pt-cv-href-thumbnail pt-cv-thumb-default\" target=\"_self\" ><img loading=\"lazy\" decoding=\"async\" width=\"300\" height=\"225\" src=\"https:\/\/alicanteabout.com\/wp-content\/uploads\/2022\/08\/el-cabo-coves-300x225.jpg\" class=\"pt-cv-thumbnail\" alt=\"El Cabo de San Juan Alicante\" srcset=\"https:\/\/alicanteabout.com\/wp-content\/uploads\/2022\/08\/el-cabo-coves-300x225.jpg 300w, https:\/\/alicanteabout.com\/wp-content\/uploads\/2022\/08\/el-cabo-coves-1024x768.jpg 1024w, https:\/\/alicanteabout.com\/wp-content\/uploads\/2022\/08\/el-cabo-coves-768x576.jpg 768w, https:\/\/alicanteabout.com\/wp-content\/uploads\/2022\/08\/el-cabo-coves-1536x1152.jpg 1536w, https:\/\/alicanteabout.com\/wp-content\/uploads\/2022\/08\/el-cabo-coves-2048x1536.jpg 2048w\" sizes=\"auto, (max-width: 300px) 100vw, 300px\" \/><\/a>\n<h4 class=\"pt-cv-title\"><a href=\"https:\/\/alicanteabout.com\/pl\/places\/beaches\/cabo-de-san-juan-coves-services-location-tips-photos\/\" class=\"_self\" target=\"_self\" >Zatoki Cabo de Las Huertas - us\u0142ugi, lokalizacja i wskaz\u00f3wki \u2772Zdj\u0119cia\u2773<\/a><\/h4>\n<div class=\"pt-cv-content\">El Cabo (lub po angielsku The Cape) de las Huertas to jedno z najpi\u0119kniejszych k\u0105pielisk w ...<br \/><div class=\"pt-cv-rmwrap\"><a href=\"https:\/\/alicanteabout.com\/pl\/places\/beaches\/cabo-de-san-juan-coves-services-location-tips-photos\/\" class=\"_self pt-cv-readmore btn btn-success\" target=\"_self\">Czytaj wi\u0119cej<\/a><\/div><\/div><\/div><\/div>\n<div class=\"col-md-6 col-sm-6 col-xs-12 pt-cv-content-item pt-cv-1-col\" ><div class='pt-cv-ifield'><a href=\"https:\/\/alicanteabout.com\/pl\/places\/beaches\/san-gabriel-beach\/\" class=\"_self pt-cv-href-thumbnail pt-cv-thumb-default\" target=\"_self\" ><img loading=\"lazy\" decoding=\"async\" width=\"300\" height=\"225\" src=\"https:\/\/alicanteabout.com\/wp-content\/uploads\/2022\/05\/san-gabriel-beach-300x225.jpg\" class=\"pt-cv-thumbnail\" alt=\"Widoki na pla\u017c\u0119 San Gabriel\" srcset=\"https:\/\/alicanteabout.com\/wp-content\/uploads\/2022\/05\/san-gabriel-beach-300x225.jpg 300w, https:\/\/alicanteabout.com\/wp-content\/uploads\/2022\/05\/san-gabriel-beach-1024x768.jpg 1024w, https:\/\/alicanteabout.com\/wp-content\/uploads\/2022\/05\/san-gabriel-beach-768x576.jpg 768w, https:\/\/alicanteabout.com\/wp-content\/uploads\/2022\/05\/san-gabriel-beach-1536x1152.jpg 1536w, https:\/\/alicanteabout.com\/wp-content\/uploads\/2022\/05\/san-gabriel-beach-2048x1536.jpg 2048w\" sizes=\"auto, (max-width: 300px) 100vw, 300px\" \/><\/a>\n<h4 class=\"pt-cv-title\"><a href=\"https:\/\/alicanteabout.com\/pl\/places\/beaches\/san-gabriel-beach\/\" class=\"_self\" target=\"_self\" >Pla\u017ca San Gabriel - kompletny przewodnik z informacjami, lokalizacj\u0105 i wskaz\u00f3wkami na 2024 rok<\/a><\/h4>\n<div class=\"pt-cv-content\">Pla\u017ca San Gabriel w Alicante jest jedn\u0105 z +10 pla\u017c w mie\u015bcie (kliknij, aby zobaczy\u0107 list\u0119 ...<br \/><div class=\"pt-cv-rmwrap\"><a href=\"https:\/\/alicanteabout.com\/pl\/places\/beaches\/san-gabriel-beach\/\" class=\"_self pt-cv-readmore btn btn-success\" target=\"_self\">Czytaj wi\u0119cej<\/a><\/div><\/div><\/div><\/div>\n<div class=\"col-md-6 col-sm-6 col-xs-12 pt-cv-content-item pt-cv-1-col\" ><div class='pt-cv-ifield'><a href=\"https:\/\/alicanteabout.com\/pl\/places\/beaches\/la-almadraba\/\" class=\"_self pt-cv-href-thumbnail pt-cv-thumb-default\" target=\"_self\" ><img loading=\"lazy\" decoding=\"async\" width=\"300\" height=\"225\" src=\"https:\/\/alicanteabout.com\/wp-content\/uploads\/2022\/05\/la_almadraba_beach-1-300x225.jpg\" class=\"pt-cv-thumbnail\" alt=\"Pla\u017ca La Almadraba\" srcset=\"https:\/\/alicanteabout.com\/wp-content\/uploads\/2022\/05\/la_almadraba_beach-1-300x225.jpg 300w, https:\/\/alicanteabout.com\/wp-content\/uploads\/2022\/05\/la_almadraba_beach-1-1024x769.jpg 1024w, https:\/\/alicanteabout.com\/wp-content\/uploads\/2022\/05\/la_almadraba_beach-1-768x576.jpg 768w, https:\/\/alicanteabout.com\/wp-content\/uploads\/2022\/05\/la_almadraba_beach-1-1536x1153.jpg 1536w, https:\/\/alicanteabout.com\/wp-content\/uploads\/2022\/05\/la_almadraba_beach-1-2048x1537.jpg 2048w\" sizes=\"auto, (max-width: 300px) 100vw, 300px\" \/><\/a>\n<h4 class=\"pt-cv-title\"><a href=\"https:\/\/alicanteabout.com\/pl\/places\/beaches\/la-almadraba\/\" class=\"_self\" target=\"_self\" >Pla\u017ca La Almadraba - kompletny przewodnik z informacjami, lokalizacj\u0105 i wskaz\u00f3wkami na 2024 \u2772Zdj\u0119cia\u2773<\/a><\/h4>\n<div class=\"pt-cv-content\">Pla\u017ca La Almadraba to urocza pla\u017ca w Alicante. Roztacza si\u0119 z niej widok na zamek Santa Barbara w Alicante z ...<br \/><div class=\"pt-cv-rmwrap\"><a href=\"https:\/\/alicanteabout.com\/pl\/places\/beaches\/la-almadraba\/\" class=\"_self pt-cv-readmore btn btn-success\" target=\"_self\">Czytaj wi\u0119cej<\/a><\/div><\/div><\/div><\/div>\n<div class=\"col-md-6 col-sm-6 col-xs-12 pt-cv-content-item pt-cv-1-col\" ><div class='pt-cv-ifield'><a href=\"https:\/\/alicanteabout.com\/pl\/places\/beaches\/dogs-beach-agua-amarga\/\" class=\"_self pt-cv-href-thumbnail pt-cv-thumb-default\" target=\"_self\" ><img loading=\"lazy\" decoding=\"async\" width=\"300\" height=\"225\" src=\"https:\/\/alicanteabout.com\/wp-content\/uploads\/2022\/04\/20220417_144142-300x225.jpg\" class=\"pt-cv-thumbnail\" alt=\"Pla\u017ca dla ps\u00f3w w Alicante\" srcset=\"https:\/\/alicanteabout.com\/wp-content\/uploads\/2022\/04\/20220417_144142-300x225.jpg 300w, https:\/\/alicanteabout.com\/wp-content\/uploads\/2022\/04\/20220417_144142-1024x768.jpg 1024w, https:\/\/alicanteabout.com\/wp-content\/uploads\/2022\/04\/20220417_144142-768x576.jpg 768w, https:\/\/alicanteabout.com\/wp-content\/uploads\/2022\/04\/20220417_144142-1536x1152.jpg 1536w, https:\/\/alicanteabout.com\/wp-content\/uploads\/2022\/04\/20220417_144142-2048x1536.jpg 2048w\" sizes=\"auto, (max-width: 300px) 100vw, 300px\" \/><\/a>\n<h4 class=\"pt-cv-title\"><a href=\"https:\/\/alicanteabout.com\/pl\/places\/beaches\/dogs-beach-agua-amarga\/\" class=\"_self\" target=\"_self\" >Pla\u017ca dla ps\u00f3w w Alicante (Agua Amarga) - kompletny przewodnik z informacjami, lokalizacj\u0105 i wskaz\u00f3wkami na 2024 \u2772Zdj\u0119cia\u2773<\/a><\/h4>\n<div class=\"pt-cv-content\">Agua Amarga to pi\u0119kna surowa pla\u017ca w Alicante. Nie jest to najbardziej zadbana pla\u017ca w mie\u015bcie ...<br \/><div class=\"pt-cv-rmwrap\"><a href=\"https:\/\/alicanteabout.com\/pl\/places\/beaches\/dogs-beach-agua-amarga\/\" class=\"_self pt-cv-readmore btn btn-success\" target=\"_self\">Czytaj wi\u0119cej<\/a><\/div><\/div><\/div><\/div><\/div><\/div><\/div>\n\n\n\n<hr class=\"wp-block-separator has-css-opacity\"\/>\n\n\n\n<h2 class=\"wp-block-heading\"><a href=\"https:\/\/alicanteabout.com\/pl\/tag\/lotnisko\/\">Lotnisko Alicante:<\/a><\/h2>\n\n\n<div class=\"pt-cv-wrapper\"><div class=\"pt-cv-view pt-cv-grid pt-cv-colsys\" id=\"pt-cv-view-44cb3e4v3j\"><div data-id=\"pt-cv-page-1\" class=\"pt-cv-page\" data-cvc=\"2\"><div class=\"col-md-6 col-sm-6 col-xs-12 pt-cv-content-item pt-cv-1-col\" ><div class='pt-cv-ifield'><a href=\"https:\/\/alicanteabout.com\/pl\/transport\/alicante-to-benidorm-city-and-airport-transfers-bus-tram-taxi-and-prices\/\" class=\"_self pt-cv-href-thumbnail pt-cv-thumb-default\" target=\"_self\" ><img loading=\"lazy\" decoding=\"async\" width=\"300\" height=\"273\" src=\"https:\/\/alicanteabout.com\/wp-content\/uploads\/2023\/02\/alicante-and-benidorm-300x273.jpg\" class=\"pt-cv-thumbnail\" alt=\"Alicante i Benidorm na mapie\" srcset=\"https:\/\/alicanteabout.com\/wp-content\/uploads\/2023\/02\/alicante-and-benidorm-300x273.jpg 300w, https:\/\/alicanteabout.com\/wp-content\/uploads\/2023\/02\/alicante-and-benidorm.jpg 575w\" sizes=\"auto, (max-width: 300px) 100vw, 300px\" \/><\/a>\n<h4 class=\"pt-cv-title\"><a href=\"https:\/\/alicanteabout.com\/pl\/transport\/alicante-to-benidorm-city-and-airport-transfers-bus-tram-taxi-and-prices\/\" class=\"_self\" target=\"_self\" >Alicante do Benidorm - transfery od tanich do drogich<\/a><\/h4>\n<div class=\"pt-cv-content\">Alicante i Benidorm to dwa bardzo r\u00f3\u017cne miasta, kt\u00f3re doskonale si\u0119 uzupe\u0142niaj\u0105. Na szcz\u0119\u015bcie s\u0105 one bardzo dobrze skomunikowane, wi\u0119c ...<br \/><div class=\"pt-cv-rmwrap\"><a href=\"https:\/\/alicanteabout.com\/pl\/transport\/alicante-to-benidorm-city-and-airport-transfers-bus-tram-taxi-and-prices\/\" class=\"_self pt-cv-readmore btn btn-success\" target=\"_self\">Czytaj wi\u0119cej<\/a><\/div><\/div><\/div><\/div>\n<div class=\"col-md-6 col-sm-6 col-xs-12 pt-cv-content-item pt-cv-1-col\" ><div class='pt-cv-ifield'><a href=\"https:\/\/alicanteabout.com\/pl\/airport\/alicante-airport-bus\/\" class=\"_self pt-cv-href-thumbnail pt-cv-thumb-default\" target=\"_self\" ><img loading=\"lazy\" decoding=\"async\" width=\"300\" height=\"225\" src=\"https:\/\/alicanteabout.com\/wp-content\/uploads\/2021\/08\/alicante-airport-bus-station-300x225.jpg\" class=\"pt-cv-thumbnail\" alt=\"Dworzec autobusowy na lotnisku w Alicante\" srcset=\"https:\/\/alicanteabout.com\/wp-content\/uploads\/2021\/08\/alicante-airport-bus-station-300x225.jpg 300w, https:\/\/alicanteabout.com\/wp-content\/uploads\/2021\/08\/alicante-airport-bus-station-1024x768.jpg 1024w, https:\/\/alicanteabout.com\/wp-content\/uploads\/2021\/08\/alicante-airport-bus-station-768x576.jpg 768w, https:\/\/alicanteabout.com\/wp-content\/uploads\/2021\/08\/alicante-airport-bus-station.jpg 1280w\" sizes=\"auto, (max-width: 300px) 100vw, 300px\" \/><\/a>\n<h4 class=\"pt-cv-title\"><a href=\"https:\/\/alicanteabout.com\/pl\/airport\/alicante-airport-bus\/\" class=\"_self\" target=\"_self\" >Dworzec autobusowy\/autokarowy na lotnisku w Alicante - trasy i linki do bilet\u00f3w<\/a><\/h4>\n<div class=\"pt-cv-content\">Lotnisko w Alicante jest pi\u0105tym najbardziej ruchliwym w Hiszpanii. Wszyscy pasa\u017cerowie musz\u0105 dosta\u0107 si\u0119 tam samochodem, autokarem lub innym \u015brodkiem transportu ...<br \/><div class=\"pt-cv-rmwrap\"><a href=\"https:\/\/alicanteabout.com\/pl\/airport\/alicante-airport-bus\/\" class=\"_self pt-cv-readmore btn btn-success\" target=\"_self\">Czytaj wi\u0119cej<\/a><\/div><\/div><\/div><\/div>\n<div class=\"col-md-6 col-sm-6 col-xs-12 pt-cv-content-item pt-cv-1-col\" ><div class='pt-cv-ifield'><a href=\"https:\/\/alicanteabout.com\/pl\/transport\/alicante-airport-train-station\/\" class=\"_self pt-cv-href-thumbnail pt-cv-thumb-default\" target=\"_self\" ><img loading=\"lazy\" decoding=\"async\" width=\"300\" height=\"225\" src=\"https:\/\/alicanteabout.com\/wp-content\/uploads\/2020\/01\/alicante-airport-inside-300x225.jpg\" class=\"pt-cv-thumbnail\" alt=\"Lotnisko Alicante wewn\u0105trz terminalu\" srcset=\"https:\/\/alicanteabout.com\/wp-content\/uploads\/2020\/01\/alicante-airport-inside-300x225.jpg 300w, https:\/\/alicanteabout.com\/wp-content\/uploads\/2020\/01\/alicante-airport-inside-1024x768.jpg 1024w, https:\/\/alicanteabout.com\/wp-content\/uploads\/2020\/01\/alicante-airport-inside-768x576.jpg 768w, https:\/\/alicanteabout.com\/wp-content\/uploads\/2020\/01\/alicante-airport-inside-1536x1152.jpg 1536w, https:\/\/alicanteabout.com\/wp-content\/uploads\/2020\/01\/alicante-airport-inside-2048x1536.jpg 2048w\" sizes=\"auto, (max-width: 300px) 100vw, 300px\" \/><\/a>\n<h4 class=\"pt-cv-title\"><a href=\"https:\/\/alicanteabout.com\/pl\/transport\/alicante-airport-train-station\/\" class=\"_self\" target=\"_self\" >Stacja kolejowa na lotnisku w Alicante - jak dojecha\u0107 do najbli\u017cszej stacji w Alicante?<\/a><\/h4>\n<div class=\"pt-cv-content\">Wewn\u0105trz lotniska w Alicante Je\u015bli podr\u00f3\u017cujesz z lub na lotnisko w Alicante, mo\u017cesz pomy\u015ble\u0107, \u017ce poci\u0105g jest ...<br \/><div class=\"pt-cv-rmwrap\"><a href=\"https:\/\/alicanteabout.com\/pl\/transport\/alicante-airport-train-station\/\" class=\"_self pt-cv-readmore btn btn-success\" target=\"_self\">Czytaj wi\u0119cej<\/a><\/div><\/div><\/div><\/div>\n<div class=\"col-md-6 col-sm-6 col-xs-12 pt-cv-content-item pt-cv-1-col\" ><div class='pt-cv-ifield'><a href=\"https:\/\/alicanteabout.com\/pl\/transport\/how-long-is-the-flight-to-alicante\/\" class=\"_self pt-cv-href-thumbnail pt-cv-thumb-default\" target=\"_self\" ><img loading=\"lazy\" decoding=\"async\" width=\"300\" height=\"180\" src=\"https:\/\/alicanteabout.com\/wp-content\/uploads\/2019\/10\/alicante-airport-traffic-300x180.png\" class=\"pt-cv-thumbnail\" alt=\"Ruch na lotnisku w Alicante\" srcset=\"https:\/\/alicanteabout.com\/wp-content\/uploads\/2019\/10\/alicante-airport-traffic-300x180.png 300w, https:\/\/alicanteabout.com\/wp-content\/uploads\/2019\/10\/alicante-airport-traffic.png 815w\" sizes=\"auto, (max-width: 300px) 100vw, 300px\" \/><\/a>\n<h4 class=\"pt-cv-title\"><a href=\"https:\/\/alicanteabout.com\/pl\/transport\/how-long-is-the-flight-to-alicante\/\" class=\"_self\" target=\"_self\" >Jak d\u0142ugo trwa lot do Alicante?<\/a><\/h4>\n<div class=\"pt-cv-content\">Czas lotu mo\u017ce si\u0119 r\u00f3\u017cni\u0107 w zale\u017cno\u015bci od warunk\u00f3w pogodowych i odleg\u0142o\u015bci mi\u0119dzy miastami. Alicante znajduje si\u0119 w po\u0142udniowo-wschodniej Hiszpanii, ...<br \/><div class=\"pt-cv-rmwrap\"><a href=\"https:\/\/alicanteabout.com\/pl\/transport\/how-long-is-the-flight-to-alicante\/\" class=\"_self pt-cv-readmore btn btn-success\" target=\"_self\">Czytaj wi\u0119cej<\/a><\/div><\/div><\/div><\/div><\/div><\/div><\/div>\n\n\n\n<hr class=\"wp-block-separator has-css-opacity\"\/>\n\n\n\n<h2 class=\"wp-block-heading\"><a href=\"https:\/\/alicanteabout.com\/pl\/kategoria\/rzeczy-do-zrobienia\/\">Co robi\u0107:<\/a><\/h2>\n\n\n<div class=\"pt-cv-wrapper\"><div class=\"pt-cv-view pt-cv-grid pt-cv-colsys\" id=\"pt-cv-view-c2baf57d7b\"><div data-id=\"pt-cv-page-1\" class=\"pt-cv-page\" data-cvc=\"2\"><div class=\"col-md-6 col-sm-6 col-xs-12 pt-cv-content-item pt-cv-1-col\" ><div class='pt-cv-ifield'><a href=\"https:\/\/alicanteabout.com\/pl\/things-to-do\/mushroom-street-in-alicante-fairy-tale-in-the-real-world\/\" class=\"_self pt-cv-href-thumbnail pt-cv-thumb-default\" target=\"_self\" ><img loading=\"lazy\" decoding=\"async\" width=\"300\" height=\"225\" src=\"https:\/\/alicanteabout.com\/wp-content\/uploads\/2023\/09\/mushrooms-street-300x225.jpg\" class=\"pt-cv-thumbnail\" alt=\"Og\u00f3lny widok na Mushroom Street Alicante\" srcset=\"https:\/\/alicanteabout.com\/wp-content\/uploads\/2023\/09\/mushrooms-street-300x225.jpg 300w, https:\/\/alicanteabout.com\/wp-content\/uploads\/2023\/09\/mushrooms-street-1024x768.jpg 1024w, https:\/\/alicanteabout.com\/wp-content\/uploads\/2023\/09\/mushrooms-street-768x576.jpg 768w, https:\/\/alicanteabout.com\/wp-content\/uploads\/2023\/09\/mushrooms-street-1536x1152.jpg 1536w, https:\/\/alicanteabout.com\/wp-content\/uploads\/2023\/09\/mushrooms-street-2048x1536.jpg 2048w, https:\/\/alicanteabout.com\/wp-content\/uploads\/2023\/09\/mushrooms-street-16x12.jpg 16w\" sizes=\"auto, (max-width: 300px) 100vw, 300px\" \/><\/a>\n<h4 class=\"pt-cv-title\"><a href=\"https:\/\/alicanteabout.com\/pl\/things-to-do\/mushroom-street-in-alicante-fairy-tale-in-the-real-world\/\" class=\"_self\" target=\"_self\" >Ulica Grzybowa w Alicante - bajka w prawdziwym \u015bwiecie<\/a><\/h4>\n<div class=\"pt-cv-content\">Grzyby nie zawsze ros\u0142y przy Calle San Francisco. Historia ulicy Grzybowej (lub Calle de ...<br \/><div class=\"pt-cv-rmwrap\"><a href=\"https:\/\/alicanteabout.com\/pl\/things-to-do\/mushroom-street-in-alicante-fairy-tale-in-the-real-world\/\" class=\"_self pt-cv-readmore btn btn-success\" target=\"_self\">Czytaj wi\u0119cej<\/a><\/div><\/div><\/div><\/div>\n<div class=\"col-md-6 col-sm-6 col-xs-12 pt-cv-content-item pt-cv-1-col\" ><div class='pt-cv-ifield'><a href=\"https:\/\/alicanteabout.com\/pl\/things-to-do\/alicante-in-a-day-route\/\" class=\"_self pt-cv-href-thumbnail pt-cv-thumb-default\" target=\"_self\" ><img loading=\"lazy\" decoding=\"async\" width=\"300\" height=\"225\" src=\"https:\/\/alicanteabout.com\/wp-content\/uploads\/2022\/11\/alicante-albufereta-from-serra-grossa-300x225.jpg\" class=\"pt-cv-thumbnail\" alt=\"Widoki na pla\u017c\u0119 La Albufereta i Cabo de San Juan z Serra Grossa Alicante\" srcset=\"https:\/\/alicanteabout.com\/wp-content\/uploads\/2022\/11\/alicante-albufereta-from-serra-grossa-300x225.jpg 300w, https:\/\/alicanteabout.com\/wp-content\/uploads\/2022\/11\/alicante-albufereta-from-serra-grossa-1024x768.jpg 1024w, https:\/\/alicanteabout.com\/wp-content\/uploads\/2022\/11\/alicante-albufereta-from-serra-grossa-768x576.jpg 768w, https:\/\/alicanteabout.com\/wp-content\/uploads\/2022\/11\/alicante-albufereta-from-serra-grossa-1536x1152.jpg 1536w, https:\/\/alicanteabout.com\/wp-content\/uploads\/2022\/11\/alicante-albufereta-from-serra-grossa-2048x1536.jpg 2048w\" sizes=\"auto, (max-width: 300px) 100vw, 300px\" \/><\/a>\n<h4 class=\"pt-cv-title\"><a href=\"https:\/\/alicanteabout.com\/pl\/things-to-do\/alicante-in-a-day-route\/\" class=\"_self\" target=\"_self\" >Jak sp\u0119dzi\u0107 idealny dzie\u0144 w Alicante?<\/a><\/h4>\n<div class=\"pt-cv-content\">Alicante to staro\u017cytne i urocze \u015br\u00f3dziemnomorskie miasto. Jeden dzie\u0144 to niewiele czasu, aby cieszy\u0107 si\u0119 wszystkim, co Alicante ...<br \/><div class=\"pt-cv-rmwrap\"><a href=\"https:\/\/alicanteabout.com\/pl\/things-to-do\/alicante-in-a-day-route\/\" class=\"_self pt-cv-readmore btn btn-success\" target=\"_self\">Czytaj wi\u0119cej<\/a><\/div><\/div><\/div><\/div><\/div><\/div><\/div>\n\n\n\n<hr class=\"wp-block-separator has-css-opacity\"\/>\n\n\n\n<h2 class=\"wp-block-heading\"><a href=\"https:\/\/alicanteabout.com\/pl\/kategoria\/transport\/\">Transport:<\/a><\/h2>\n\n\n<div class=\"pt-cv-wrapper\"><div class=\"pt-cv-view pt-cv-grid pt-cv-colsys\" id=\"pt-cv-view-f5735845fn\"><div data-id=\"pt-cv-page-1\" class=\"pt-cv-page\" data-cvc=\"2\"><div class=\"col-md-6 col-sm-6 col-xs-12 pt-cv-content-item pt-cv-1-col\" ><div class='pt-cv-ifield'><a href=\"https:\/\/alicanteabout.com\/pl\/transport\/alicante-to-benidorm-city-and-airport-transfers-bus-tram-taxi-and-prices\/\" class=\"_self pt-cv-href-thumbnail pt-cv-thumb-default\" target=\"_self\" ><img loading=\"lazy\" decoding=\"async\" width=\"300\" height=\"273\" src=\"https:\/\/alicanteabout.com\/wp-content\/uploads\/2023\/02\/alicante-and-benidorm-300x273.jpg\" class=\"pt-cv-thumbnail\" alt=\"Alicante i Benidorm na mapie\" srcset=\"https:\/\/alicanteabout.com\/wp-content\/uploads\/2023\/02\/alicante-and-benidorm-300x273.jpg 300w, https:\/\/alicanteabout.com\/wp-content\/uploads\/2023\/02\/alicante-and-benidorm.jpg 575w\" sizes=\"auto, (max-width: 300px) 100vw, 300px\" \/><\/a>\n<h4 class=\"pt-cv-title\"><a href=\"https:\/\/alicanteabout.com\/pl\/transport\/alicante-to-benidorm-city-and-airport-transfers-bus-tram-taxi-and-prices\/\" class=\"_self\" target=\"_self\" >Alicante do Benidorm - transfery od tanich do drogich<\/a><\/h4>\n<div class=\"pt-cv-content\">Alicante i Benidorm to dwa bardzo r\u00f3\u017cne miasta, kt\u00f3re doskonale si\u0119 uzupe\u0142niaj\u0105. Na szcz\u0119\u015bcie s\u0105 one bardzo dobrze skomunikowane, wi\u0119c ...<br \/><div class=\"pt-cv-rmwrap\"><a href=\"https:\/\/alicanteabout.com\/pl\/transport\/alicante-to-benidorm-city-and-airport-transfers-bus-tram-taxi-and-prices\/\" class=\"_self pt-cv-readmore btn btn-success\" target=\"_self\">Czytaj wi\u0119cej<\/a><\/div><\/div><\/div><\/div>\n<div class=\"col-md-6 col-sm-6 col-xs-12 pt-cv-content-item pt-cv-1-col\" ><div class='pt-cv-ifield'><a href=\"https:\/\/alicanteabout.com\/pl\/transport\/alicante-bus-prices-timetables-routes\/\" class=\"_self pt-cv-href-thumbnail pt-cv-thumb-default\" target=\"_self\" ><img loading=\"lazy\" decoding=\"async\" width=\"300\" height=\"226\" src=\"https:\/\/alicanteabout.com\/wp-content\/uploads\/2022\/08\/red-bus-in-alicante.jpg\" class=\"pt-cv-thumbnail\" alt=\"Typowy czerwony autobus miejski w Alicante\" \/><\/a>\n<h4 class=\"pt-cv-title\"><a href=\"https:\/\/alicanteabout.com\/pl\/transport\/alicante-bus-prices-timetables-routes\/\" class=\"_self\" target=\"_self\" >Alicante Bus MIA - Ceny, rozk\u0142ady jazdy, trasy. Wszystko, co musisz wiedzie\u0107<\/a><\/h4>\n<div class=\"pt-cv-content\">Miasto Alicante posiada g\u0119st\u0105 sie\u0107 autobusow\u0105 - zwan\u0105 MIA - kt\u00f3ra \u0142\u0105czy centrum miasta ze wszystkimi dzielnicami ...<br \/><div class=\"pt-cv-rmwrap\"><a href=\"https:\/\/alicanteabout.com\/pl\/transport\/alicante-bus-prices-timetables-routes\/\" class=\"_self pt-cv-readmore btn btn-success\" target=\"_self\">Czytaj wi\u0119cej<\/a><\/div><\/div><\/div><\/div><\/div><\/div><\/div>\n\n\n\n<hr class=\"wp-block-separator has-css-opacity\"\/>\n\n\n\n<h2 class=\"wp-block-heading\"><a href=\"https:\/\/alicanteabout.com\/pl\/kategoria\/miejsca\/\">Miejsca:<\/a><\/h2>\n\n\n<div class=\"pt-cv-wrapper\"><div class=\"pt-cv-view pt-cv-grid pt-cv-colsys\" id=\"pt-cv-view-ec16a756bd\"><div data-id=\"pt-cv-page-1\" class=\"pt-cv-page\" data-cvc=\"2\"><div class=\"col-md-6 col-sm-6 col-xs-12 pt-cv-content-item pt-cv-1-col\" ><div class='pt-cv-ifield'><a href=\"https:\/\/alicanteabout.com\/pl\/places\/beaches\/cabo-de-san-juan-coves-services-location-tips-photos\/\" class=\"_self pt-cv-href-thumbnail pt-cv-thumb-default\" target=\"_self\" ><img loading=\"lazy\" decoding=\"async\" width=\"300\" height=\"225\" src=\"https:\/\/alicanteabout.com\/wp-content\/uploads\/2022\/08\/el-cabo-coves-300x225.jpg\" class=\"pt-cv-thumbnail\" alt=\"El Cabo de San Juan Alicante\" srcset=\"https:\/\/alicanteabout.com\/wp-content\/uploads\/2022\/08\/el-cabo-coves-300x225.jpg 300w, https:\/\/alicanteabout.com\/wp-content\/uploads\/2022\/08\/el-cabo-coves-1024x768.jpg 1024w, https:\/\/alicanteabout.com\/wp-content\/uploads\/2022\/08\/el-cabo-coves-768x576.jpg 768w, https:\/\/alicanteabout.com\/wp-content\/uploads\/2022\/08\/el-cabo-coves-1536x1152.jpg 1536w, https:\/\/alicanteabout.com\/wp-content\/uploads\/2022\/08\/el-cabo-coves-2048x1536.jpg 2048w\" sizes=\"auto, (max-width: 300px) 100vw, 300px\" \/><\/a>\n<h4 class=\"pt-cv-title\"><a href=\"https:\/\/alicanteabout.com\/pl\/places\/beaches\/cabo-de-san-juan-coves-services-location-tips-photos\/\" class=\"_self\" target=\"_self\" >Zatoki Cabo de Las Huertas - us\u0142ugi, lokalizacja i wskaz\u00f3wki \u2772Zdj\u0119cia\u2773<\/a><\/h4>\n<div class=\"pt-cv-content\">El Cabo (lub po angielsku The Cape) de las Huertas to jedno z najpi\u0119kniejszych k\u0105pielisk w ...<br \/><div class=\"pt-cv-rmwrap\"><a href=\"https:\/\/alicanteabout.com\/pl\/places\/beaches\/cabo-de-san-juan-coves-services-location-tips-photos\/\" class=\"_self pt-cv-readmore btn btn-success\" target=\"_self\">Czytaj wi\u0119cej<\/a><\/div><\/div><\/div><\/div>\n<div class=\"col-md-6 col-sm-6 col-xs-12 pt-cv-content-item pt-cv-1-col\" ><div class='pt-cv-ifield'><a href=\"https:\/\/alicanteabout.com\/pl\/places\/beaches\/san-gabriel-beach\/\" class=\"_self pt-cv-href-thumbnail pt-cv-thumb-default\" target=\"_self\" ><img loading=\"lazy\" decoding=\"async\" width=\"300\" height=\"225\" src=\"https:\/\/alicanteabout.com\/wp-content\/uploads\/2022\/05\/san-gabriel-beach-300x225.jpg\" class=\"pt-cv-thumbnail\" alt=\"Widoki na pla\u017c\u0119 San Gabriel\" srcset=\"https:\/\/alicanteabout.com\/wp-content\/uploads\/2022\/05\/san-gabriel-beach-300x225.jpg 300w, https:\/\/alicanteabout.com\/wp-content\/uploads\/2022\/05\/san-gabriel-beach-1024x768.jpg 1024w, https:\/\/alicanteabout.com\/wp-content\/uploads\/2022\/05\/san-gabriel-beach-768x576.jpg 768w, https:\/\/alicanteabout.com\/wp-content\/uploads\/2022\/05\/san-gabriel-beach-1536x1152.jpg 1536w, https:\/\/alicanteabout.com\/wp-content\/uploads\/2022\/05\/san-gabriel-beach-2048x1536.jpg 2048w\" sizes=\"auto, (max-width: 300px) 100vw, 300px\" \/><\/a>\n<h4 class=\"pt-cv-title\"><a href=\"https:\/\/alicanteabout.com\/pl\/places\/beaches\/san-gabriel-beach\/\" class=\"_self\" target=\"_self\" >Pla\u017ca San Gabriel - kompletny przewodnik z informacjami, lokalizacj\u0105 i wskaz\u00f3wkami na 2024 rok<\/a><\/h4>\n<div class=\"pt-cv-content\">Pla\u017ca San Gabriel w Alicante jest jedn\u0105 z +10 pla\u017c w mie\u015bcie (kliknij, aby zobaczy\u0107 list\u0119 ...<br \/><div class=\"pt-cv-rmwrap\"><a href=\"https:\/\/alicanteabout.com\/pl\/places\/beaches\/san-gabriel-beach\/\" class=\"_self pt-cv-readmore btn btn-success\" target=\"_self\">Czytaj wi\u0119cej<\/a><\/div><\/div><\/div><\/div><\/div><\/div><\/div>\n\n\n\n<hr class=\"wp-block-separator has-css-opacity\"\/>\n\n\n\n<h2 class=\"wp-block-heading\"><a href=\"https:\/\/alicanteabout.com\/pl\/kategoria\/pogoda\/\">Pogoda:<\/a><\/h2>\n\n\n<div class=\"pt-cv-wrapper\"><div class=\"pt-cv-view pt-cv-grid pt-cv-colsys\" id=\"pt-cv-view-26d0cc5cfj\"><div data-id=\"pt-cv-page-1\" class=\"pt-cv-page\" data-cvc=\"2\"><div class=\"col-md-6 col-sm-6 col-xs-12 pt-cv-content-item pt-cv-1-col\" ><div class='pt-cv-ifield'><a href=\"https:\/\/alicanteabout.com\/pl\/weather\/alicante-weather-in-may-is-worth-visiting\/\" class=\"_self pt-cv-href-thumbnail pt-cv-thumb-default\" target=\"_self\" ><img loading=\"lazy\" decoding=\"async\" width=\"300\" height=\"225\" src=\"https:\/\/alicanteabout.com\/wp-content\/uploads\/2023\/02\/postiguet-and-castillo-from-gran-sol-alicante-300x225.jpg\" class=\"pt-cv-thumbnail\" alt=\"Zamek Santa Barbara, Postiguet i port z restauracji na dachu Gran Sol\" srcset=\"https:\/\/alicanteabout.com\/wp-content\/uploads\/2023\/02\/postiguet-and-castillo-from-gran-sol-alicante-300x225.jpg 300w, https:\/\/alicanteabout.com\/wp-content\/uploads\/2023\/02\/postiguet-and-castillo-from-gran-sol-alicante-1024x768.jpg 1024w, https:\/\/alicanteabout.com\/wp-content\/uploads\/2023\/02\/postiguet-and-castillo-from-gran-sol-alicante-768x576.jpg 768w, https:\/\/alicanteabout.com\/wp-content\/uploads\/2023\/02\/postiguet-and-castillo-from-gran-sol-alicante-1536x1152.jpg 1536w, https:\/\/alicanteabout.com\/wp-content\/uploads\/2023\/02\/postiguet-and-castillo-from-gran-sol-alicante-2048x1536.jpg 2048w\" sizes=\"auto, (max-width: 300px) 100vw, 300px\" \/><\/a>\n<h4 class=\"pt-cv-title\"><a href=\"https:\/\/alicanteabout.com\/pl\/weather\/alicante-weather-in-may-is-worth-visiting\/\" class=\"_self\" target=\"_self\" >Pogoda w Alicante w maju - czy warto odwiedzi\u0107?<\/a><\/h4>\n<div class=\"pt-cv-content\">Alicante to miasto po\u0142o\u017cone w po\u0142udniowo-wschodniej Hiszpanii, nad Morzem \u015ar\u00f3dziemnym. Pogoda jest dobra przez ca\u0142y rok ...<br \/><div class=\"pt-cv-rmwrap\"><a href=\"https:\/\/alicanteabout.com\/pl\/weather\/alicante-weather-in-may-is-worth-visiting\/\" class=\"_self pt-cv-readmore btn btn-success\" target=\"_self\">Czytaj wi\u0119cej<\/a><\/div><\/div><\/div><\/div>\n<div class=\"col-md-6 col-sm-6 col-xs-12 pt-cv-content-item pt-cv-1-col\" ><div class='pt-cv-ifield'><a href=\"https:\/\/alicanteabout.com\/pl\/weather\/alicante-weather-in-march-worth-visiting\/\" class=\"_self pt-cv-href-thumbnail pt-cv-thumb-default\" target=\"_self\" ><img loading=\"lazy\" decoding=\"async\" width=\"300\" height=\"225\" src=\"https:\/\/alicanteabout.com\/wp-content\/uploads\/2023\/01\/santa-barbara-castle-from-port-300x225.jpg\" class=\"pt-cv-thumbnail\" alt=\"Widoki na zamek Santa Barbara z portu w Alicante\" srcset=\"https:\/\/alicanteabout.com\/wp-content\/uploads\/2023\/01\/santa-barbara-castle-from-port-300x225.jpg 300w, https:\/\/alicanteabout.com\/wp-content\/uploads\/2023\/01\/santa-barbara-castle-from-port-768x576.jpg 768w, https:\/\/alicanteabout.com\/wp-content\/uploads\/2023\/01\/santa-barbara-castle-from-port.jpg 954w\" sizes=\"auto, (max-width: 300px) 100vw, 300px\" \/><\/a>\n<h4 class=\"pt-cv-title\"><a href=\"https:\/\/alicanteabout.com\/pl\/weather\/alicante-weather-in-march-worth-visiting\/\" class=\"_self\" target=\"_self\" >Pogoda w Alicante w marcu - warto odwiedzi\u0107?<\/a><\/h4>\n<div class=\"pt-cv-content\">Marzec to miesi\u0105c, w kt\u00f3rym ko\u0144czy si\u0119 astronomiczna zima. W Alicante zima jest ju\u017c daleko ...<br \/><div class=\"pt-cv-rmwrap\"><a href=\"https:\/\/alicanteabout.com\/pl\/weather\/alicante-weather-in-march-worth-visiting\/\" class=\"_self pt-cv-readmore btn btn-success\" target=\"_self\">Czytaj wi\u0119cej<\/a><\/div><\/div><\/div><\/div><\/div><\/div><\/div>\n\n\n\n<hr class=\"wp-block-separator has-css-opacity\"\/>\n\n\n\n<h2 class=\"wp-block-heading\"><a href=\"https:\/\/alicanteabout.com\/pl\/kategoria\/rzeczy-o-ktorych-warto-wiedziec\/\">Warto wiedzie\u0107:<\/a><\/h2>\n\n\n<div class=\"pt-cv-wrapper\"><div class=\"pt-cv-view pt-cv-grid pt-cv-colsys\" id=\"pt-cv-view-efedcfao1w\"><div data-id=\"pt-cv-page-1\" class=\"pt-cv-page\" data-cvc=\"2\"><div class=\"col-md-6 col-sm-6 col-xs-12 pt-cv-content-item pt-cv-1-col\" ><div class='pt-cv-ifield'><a href=\"https:\/\/alicanteabout.com\/pl\/things-to-know\/alicante-vs-ibiza\/\" class=\"_self pt-cv-href-thumbnail pt-cv-thumb-default\" target=\"_self\" ><img loading=\"lazy\" decoding=\"async\" width=\"300\" height=\"169\" src=\"https:\/\/alicanteabout.com\/wp-content\/uploads\/2023\/09\/alicante-vs-ibiza-300x169.jpg\" class=\"pt-cv-thumbnail\" alt=\"Grafika Alicante VS Ibiza\" srcset=\"https:\/\/alicanteabout.com\/wp-content\/uploads\/2023\/09\/alicante-vs-ibiza-300x169.jpg 300w, https:\/\/alicanteabout.com\/wp-content\/uploads\/2023\/09\/alicante-vs-ibiza-1024x576.jpg 1024w, https:\/\/alicanteabout.com\/wp-content\/uploads\/2023\/09\/alicante-vs-ibiza-768x432.jpg 768w, https:\/\/alicanteabout.com\/wp-content\/uploads\/2023\/09\/alicante-vs-ibiza-1536x864.jpg 1536w, https:\/\/alicanteabout.com\/wp-content\/uploads\/2023\/09\/alicante-vs-ibiza-18x10.jpg 18w, https:\/\/alicanteabout.com\/wp-content\/uploads\/2023\/09\/alicante-vs-ibiza.jpg 1920w\" sizes=\"auto, (max-width: 300px) 100vw, 300px\" \/><\/a>\n<h4 class=\"pt-cv-title\"><a href=\"https:\/\/alicanteabout.com\/pl\/things-to-know\/alicante-vs-ibiza\/\" class=\"_self\" target=\"_self\" >Alicante czy Ibiza - r\u00f3\u017cnice i niuanse. Wybierz m\u0105drze<\/a><\/h4>\n<div class=\"pt-cv-content\">Alicante i Ibiza to pi\u0119kne miasta i obszary na Morzu \u015ar\u00f3dziemnym. Dwa najlepsze miejsca na wakacje na pla\u017cy ...<br \/><div class=\"pt-cv-rmwrap\"><a href=\"https:\/\/alicanteabout.com\/pl\/things-to-know\/alicante-vs-ibiza\/\" class=\"_self pt-cv-readmore btn btn-success\" target=\"_self\">Czytaj wi\u0119cej<\/a><\/div><\/div><\/div><\/div>\n<div class=\"col-md-6 col-sm-6 col-xs-12 pt-cv-content-item pt-cv-1-col\" ><div class='pt-cv-ifield'><a href=\"https:\/\/alicanteabout.com\/pl\/things-to-know\/alicante-or-valencia-to-visit-and-live\/\" class=\"_self pt-cv-href-thumbnail pt-cv-thumb-default\" target=\"_self\" ><img loading=\"lazy\" decoding=\"async\" width=\"300\" height=\"169\" src=\"https:\/\/alicanteabout.com\/wp-content\/uploads\/2023\/08\/alicante-vs-valencia-300x169.jpg\" class=\"pt-cv-thumbnail\" alt=\"Grafika Alicante VS Walencja\" srcset=\"https:\/\/alicanteabout.com\/wp-content\/uploads\/2023\/08\/alicante-vs-valencia-300x169.jpg 300w, https:\/\/alicanteabout.com\/wp-content\/uploads\/2023\/08\/alicante-vs-valencia-1024x576.jpg 1024w, https:\/\/alicanteabout.com\/wp-content\/uploads\/2023\/08\/alicante-vs-valencia-768x432.jpg 768w, https:\/\/alicanteabout.com\/wp-content\/uploads\/2023\/08\/alicante-vs-valencia-1536x864.jpg 1536w, https:\/\/alicanteabout.com\/wp-content\/uploads\/2023\/08\/alicante-vs-valencia-18x10.jpg 18w, https:\/\/alicanteabout.com\/wp-content\/uploads\/2023\/08\/alicante-vs-valencia.jpg 1920w\" sizes=\"auto, (max-width: 300px) 100vw, 300px\" \/><\/a>\n<h4 class=\"pt-cv-title\"><a href=\"https:\/\/alicanteabout.com\/pl\/things-to-know\/alicante-or-valencia-to-visit-and-live\/\" class=\"_self\" target=\"_self\" >Alicante lub Walencja do odwiedzenia i zamieszkania<\/a><\/h4>\n<div class=\"pt-cv-content\">Alicante i Walencja to dwa skrajnie r\u00f3\u017cne miasta w tej samej hiszpa\u0144skiej wsp\u00f3lnocie autonomicznej lub regionie. Alicante czy Walencja? Alicante ...<br \/><div class=\"pt-cv-rmwrap\"><a href=\"https:\/\/alicanteabout.com\/pl\/things-to-know\/alicante-or-valencia-to-visit-and-live\/\" class=\"_self pt-cv-readmore btn btn-success\" target=\"_self\">Czytaj wi\u0119cej<\/a><\/div><\/div><\/div><\/div>\n<div class=\"col-md-6 col-sm-6 col-xs-12 pt-cv-content-item pt-cv-1-col\" ><div class='pt-cv-ifield'><a href=\"https:\/\/alicanteabout.com\/pl\/things-to-know\/alicante-languages\/\" class=\"_self pt-cv-href-thumbnail pt-cv-thumb-default\" target=\"_self\" ><img loading=\"lazy\" decoding=\"async\" width=\"300\" height=\"225\" src=\"https:\/\/alicanteabout.com\/wp-content\/uploads\/2023\/03\/alicante-languages-300x225.jpg\" class=\"pt-cv-thumbnail\" alt=\"J\u0119zyki w Alicante Grafika\" srcset=\"https:\/\/alicanteabout.com\/wp-content\/uploads\/2023\/03\/alicante-languages-300x225.jpg 300w, https:\/\/alicanteabout.com\/wp-content\/uploads\/2023\/03\/alicante-languages-1024x768.jpg 1024w, https:\/\/alicanteabout.com\/wp-content\/uploads\/2023\/03\/alicante-languages-768x576.jpg 768w, https:\/\/alicanteabout.com\/wp-content\/uploads\/2023\/03\/alicante-languages-1536x1152.jpg 1536w, https:\/\/alicanteabout.com\/wp-content\/uploads\/2023\/03\/alicante-languages-2048x1536.jpg 2048w\" sizes=\"auto, (max-width: 300px) 100vw, 300px\" \/><\/a>\n<h4 class=\"pt-cv-title\"><a href=\"https:\/\/alicanteabout.com\/pl\/things-to-know\/alicante-languages\/\" class=\"_self\" target=\"_self\" >Czy w Alicante m\u00f3wi\u0105 po angielsku?<\/a><\/h4>\n<div class=\"pt-cv-content\">Alicante to oko\u0142o 350-tysi\u0119czne miasto we wschodniej Hiszpanii, le\u017c\u0105ce nad Morzem \u015ar\u00f3dziemnym. Jest to \u0142adne hiszpa\u0144skie miasto ...<br \/><div class=\"pt-cv-rmwrap\"><a href=\"https:\/\/alicanteabout.com\/pl\/things-to-know\/alicante-languages\/\" class=\"_self pt-cv-readmore btn btn-success\" target=\"_self\">Czytaj wi\u0119cej<\/a><\/div><\/div><\/div><\/div>\n<div class=\"col-md-6 col-sm-6 col-xs-12 pt-cv-content-item pt-cv-1-col\" ><div class='pt-cv-ifield'><a href=\"https:\/\/alicanteabout.com\/pl\/things-to-know\/is-alicante-worth-visiting\/\" class=\"_self pt-cv-href-thumbnail pt-cv-thumb-default\" target=\"_self\" ><img loading=\"lazy\" decoding=\"async\" width=\"300\" height=\"225\" src=\"https:\/\/alicanteabout.com\/wp-content\/uploads\/2022\/11\/alicante-port-from-gran-sol-300x225.jpg\" class=\"pt-cv-thumbnail\" alt=\"Port w Alicante z restauracji na dachu Gran Sool\" srcset=\"https:\/\/alicanteabout.com\/wp-content\/uploads\/2022\/11\/alicante-port-from-gran-sol-300x225.jpg 300w, https:\/\/alicanteabout.com\/wp-content\/uploads\/2022\/11\/alicante-port-from-gran-sol-1024x768.jpg 1024w, https:\/\/alicanteabout.com\/wp-content\/uploads\/2022\/11\/alicante-port-from-gran-sol-768x576.jpg 768w, https:\/\/alicanteabout.com\/wp-content\/uploads\/2022\/11\/alicante-port-from-gran-sol-1536x1152.jpg 1536w, https:\/\/alicanteabout.com\/wp-content\/uploads\/2022\/11\/alicante-port-from-gran-sol-2048x1536.jpg 2048w\" sizes=\"auto, (max-width: 300px) 100vw, 300px\" \/><\/a>\n<h4 class=\"pt-cv-title\"><a href=\"https:\/\/alicanteabout.com\/pl\/things-to-know\/is-alicante-worth-visiting\/\" class=\"_self\" target=\"_self\" >Czy warto odwiedzi\u0107 Alicante? - 10 powod\u00f3w, dla kt\u00f3rych warto<\/a><\/h4>\n<div class=\"pt-cv-content\">Alicante to pi\u0119kne miasto w prowincji o tej samej nazwie, w po\u0142udniowo-wschodniej Hiszpanii. Istnieje wiele powod\u00f3w, dla kt\u00f3rych ...<br \/><div class=\"pt-cv-rmwrap\"><a href=\"https:\/\/alicanteabout.com\/pl\/things-to-know\/is-alicante-worth-visiting\/\" class=\"_self pt-cv-readmore btn btn-success\" target=\"_self\">Czytaj wi\u0119cej<\/a><\/div><\/div><\/div><\/div>\n<div class=\"col-md-6 col-sm-6 col-xs-12 pt-cv-content-item pt-cv-1-col\" ><div class='pt-cv-ifield'><a href=\"https:\/\/alicanteabout.com\/pl\/things-to-know\/marq-archaeological-museum-in-alicante\/\" class=\"_self pt-cv-href-thumbnail pt-cv-thumb-default\" target=\"_self\" ><img loading=\"lazy\" decoding=\"async\" width=\"300\" height=\"225\" src=\"https:\/\/alicanteabout.com\/wp-content\/uploads\/2024\/04\/marq-museum-entrance-300x225.jpg\" class=\"pt-cv-thumbnail\" alt=\"Wej\u015bcie do Muzeum Marq w Alicante\" srcset=\"https:\/\/alicanteabout.com\/wp-content\/uploads\/2024\/04\/marq-museum-entrance-300x225.jpg 300w, https:\/\/alicanteabout.com\/wp-content\/uploads\/2024\/04\/marq-museum-entrance-1024x768.jpg 1024w, https:\/\/alicanteabout.com\/wp-content\/uploads\/2024\/04\/marq-museum-entrance-768x576.jpg 768w, https:\/\/alicanteabout.com\/wp-content\/uploads\/2024\/04\/marq-museum-entrance-1536x1152.jpg 1536w, https:\/\/alicanteabout.com\/wp-content\/uploads\/2024\/04\/marq-museum-entrance-2048x1536.jpg 2048w, https:\/\/alicanteabout.com\/wp-content\/uploads\/2024\/04\/marq-museum-entrance-16x12.jpg 16w\" sizes=\"auto, (max-width: 300px) 100vw, 300px\" \/><\/a>\n<h4 class=\"pt-cv-title\"><a href=\"https:\/\/alicanteabout.com\/pl\/things-to-know\/marq-archaeological-museum-in-alicante\/\" class=\"_self\" target=\"_self\" >Muzeum Archeologiczne MARQ w Alicante - Przewodnik na rok 2024<\/a><\/h4>\n<div class=\"pt-cv-content\">W Alicante znajduje si\u0119 kilka muze\u00f3w wyja\u015bniaj\u0105cych histori\u0119 i kultur\u0119 miasta i prowincji Alicante. Wej\u015bcie do Marq ...<br \/><div class=\"pt-cv-rmwrap\"><a href=\"https:\/\/alicanteabout.com\/pl\/things-to-know\/marq-archaeological-museum-in-alicante\/\" class=\"_self pt-cv-readmore btn btn-success\" target=\"_self\">Czytaj wi\u0119cej<\/a><\/div><\/div><\/div><\/div>\n<div class=\"col-md-6 col-sm-6 col-xs-12 pt-cv-content-item pt-cv-1-col\" ><div class='pt-cv-ifield'><a href=\"https:\/\/alicanteabout.com\/pl\/things-to-know\/11-pros-and-4-cons-about-living-in-alicante\/\" class=\"_self pt-cv-href-thumbnail pt-cv-thumb-default\" target=\"_self\" ><img loading=\"lazy\" decoding=\"async\" width=\"300\" height=\"225\" src=\"https:\/\/alicanteabout.com\/wp-content\/uploads\/2023\/09\/santa-barbara-castle-postiguet-from-gran-sol-300x225.jpg\" class=\"pt-cv-thumbnail\" alt=\"Widoki na zamek Santa Barbara i pla\u017c\u0119 Postiguet z restauracji Gran Sol\" srcset=\"https:\/\/alicanteabout.com\/wp-content\/uploads\/2023\/09\/santa-barbara-castle-postiguet-from-gran-sol-300x225.jpg 300w, https:\/\/alicanteabout.com\/wp-content\/uploads\/2023\/09\/santa-barbara-castle-postiguet-from-gran-sol-1024x768.jpg 1024w, https:\/\/alicanteabout.com\/wp-content\/uploads\/2023\/09\/santa-barbara-castle-postiguet-from-gran-sol-768x576.jpg 768w, https:\/\/alicanteabout.com\/wp-content\/uploads\/2023\/09\/santa-barbara-castle-postiguet-from-gran-sol-1536x1152.jpg 1536w, https:\/\/alicanteabout.com\/wp-content\/uploads\/2023\/09\/santa-barbara-castle-postiguet-from-gran-sol-2048x1536.jpg 2048w, https:\/\/alicanteabout.com\/wp-content\/uploads\/2023\/09\/santa-barbara-castle-postiguet-from-gran-sol-16x12.jpg 16w\" sizes=\"auto, (max-width: 300px) 100vw, 300px\" \/><\/a>\n<h4 class=\"pt-cv-title\"><a href=\"https:\/\/alicanteabout.com\/pl\/things-to-know\/11-pros-and-4-cons-about-living-in-alicante\/\" class=\"_self\" target=\"_self\" >11 zalet i 4 wady \u017cycia w Alicante<\/a><\/h4>\n<div class=\"pt-cv-content\">Alicante to staro\u017cytne hiszpa\u0144skie miasto na po\u0142udniowym wschodzie, kt\u00f3re rozwin\u0119\u0142o si\u0119 nad Morzem \u015ar\u00f3dziemnym. Ma pi\u0119kn\u0105 ...<br \/><div class=\"pt-cv-rmwrap\"><a href=\"https:\/\/alicanteabout.com\/pl\/things-to-know\/11-pros-and-4-cons-about-living-in-alicante\/\" class=\"_self pt-cv-readmore btn btn-success\" target=\"_self\">Czytaj wi\u0119cej<\/a><\/div><\/div><\/div><\/div>\n<div class=\"col-md-6 col-sm-6 col-xs-12 pt-cv-content-item pt-cv-1-col\" ><div class='pt-cv-ifield'><a href=\"https:\/\/alicanteabout.com\/pl\/things-to-know\/moving-to-alicante-vs-london-17-pros-and-cons\/\" class=\"_self pt-cv-href-thumbnail pt-cv-thumb-default\" target=\"_self\" ><img loading=\"lazy\" decoding=\"async\" width=\"300\" height=\"225\" src=\"https:\/\/alicanteabout.com\/wp-content\/uploads\/2022\/10\/alicante-vs-london-300x225.jpg\" class=\"pt-cv-thumbnail\" alt=\"Grafika Alicante VS Londyn\" \/><\/a>\n<h4 class=\"pt-cv-title\"><a href=\"https:\/\/alicanteabout.com\/pl\/things-to-know\/moving-to-alicante-vs-london-17-pros-and-cons\/\" class=\"_self\" target=\"_self\" >Przeprowadzka do Alicante VS Londyn. 17 plus\u00f3w i minus\u00f3w<\/a><\/h4>\n<div class=\"pt-cv-content\">\u017bycie w ka\u017cdym z tych miast i kraj\u00f3w ma wiele zalet i wad. Alicante w Hiszpanii i Londyn ...<br \/><div class=\"pt-cv-rmwrap\"><a href=\"https:\/\/alicanteabout.com\/pl\/things-to-know\/moving-to-alicante-vs-london-17-pros-and-cons\/\" class=\"_self pt-cv-readmore btn btn-success\" target=\"_self\">Czytaj wi\u0119cej<\/a><\/div><\/div><\/div><\/div>\n<div class=\"col-md-6 col-sm-6 col-xs-12 pt-cv-content-item pt-cv-1-col\" ><div class='pt-cv-ifield'><a href=\"https:\/\/alicanteabout.com\/pl\/things-to-know\/alicante-news\/\" class=\"_self pt-cv-href-thumbnail pt-cv-thumb-default\" target=\"_self\" ><img loading=\"lazy\" decoding=\"async\" width=\"300\" height=\"225\" src=\"https:\/\/alicanteabout.com\/wp-content\/uploads\/2022\/05\/news-with-image-300x225.jpg\" class=\"pt-cv-thumbnail\" alt=\"Wiadomo\u015bci w Alicante\" srcset=\"https:\/\/alicanteabout.com\/wp-content\/uploads\/2022\/05\/news-with-image-300x225.jpg 300w, https:\/\/alicanteabout.com\/wp-content\/uploads\/2022\/05\/news-with-image-1024x768.jpg 1024w, https:\/\/alicanteabout.com\/wp-content\/uploads\/2022\/05\/news-with-image-768x576.jpg 768w, https:\/\/alicanteabout.com\/wp-content\/uploads\/2022\/05\/news-with-image-1536x1152.jpg 1536w, https:\/\/alicanteabout.com\/wp-content\/uploads\/2022\/05\/news-with-image-2048x1536.jpg 2048w\" sizes=\"auto, (max-width: 300px) 100vw, 300px\" \/><\/a>\n<h4 class=\"pt-cv-title\"><a href=\"https:\/\/alicanteabout.com\/pl\/things-to-know\/alicante-news\/\" class=\"_self\" target=\"_self\" >Wiadomo\u015bci z Alicante - lista stron internetowych z wiadomo\u015bciami, gazet i \u017ar\u00f3de\u0142 Solo w 2024 r.<\/a><\/h4>\n<div class=\"pt-cv-content\">Alicante ma zdrowy ekosystem \u017ar\u00f3de\u0142 wiadomo\u015bci. Niekt\u00f3re z nich s\u0105 publiczne, wiele prywatnych, ale zawsze jest spos\u00f3b na ...<br \/><div class=\"pt-cv-rmwrap\"><a href=\"https:\/\/alicanteabout.com\/pl\/things-to-know\/alicante-news\/\" class=\"_self pt-cv-readmore btn btn-success\" target=\"_self\">Czytaj wi\u0119cej<\/a><\/div><\/div><\/div><\/div>\n<div class=\"col-md-6 col-sm-6 col-xs-12 pt-cv-content-item pt-cv-1-col\" ><div class='pt-cv-ifield'><a href=\"https:\/\/alicanteabout.com\/pl\/things-to-know\/alicante-or-malaga\/\" class=\"_self pt-cv-href-thumbnail pt-cv-thumb-default\" target=\"_self\" ><img loading=\"lazy\" decoding=\"async\" width=\"300\" height=\"225\" src=\"https:\/\/alicanteabout.com\/wp-content\/uploads\/2019\/11\/alicanteVSMalaga-300x225.jpg\" class=\"pt-cv-thumbnail\" alt=\"Alicante VS Malaga`\" srcset=\"https:\/\/alicanteabout.com\/wp-content\/uploads\/2019\/11\/alicanteVSMalaga-300x225.jpg 300w, https:\/\/alicanteabout.com\/wp-content\/uploads\/2019\/11\/alicanteVSMalaga-1024x768.jpg 1024w, https:\/\/alicanteabout.com\/wp-content\/uploads\/2019\/11\/alicanteVSMalaga-768x576.jpg 768w, https:\/\/alicanteabout.com\/wp-content\/uploads\/2019\/11\/alicanteVSMalaga.jpg 1252w\" sizes=\"auto, (max-width: 300px) 100vw, 300px\" \/><\/a>\n<h4 class=\"pt-cv-title\"><a href=\"https:\/\/alicanteabout.com\/pl\/things-to-know\/alicante-or-malaga\/\" class=\"_self\" target=\"_self\" >Alicante czy Malaga - r\u00f3\u017cnice i niuanse, aby wybra\u0107 m\u0105drze<\/a><\/h4>\n<div class=\"pt-cv-content\">Alicante i Malaga to dwa pi\u0119kne miasta i prowincje. Nie jest \u0142atwo wybra\u0107 mi\u0119dzy dwoma najlepszymi pla\u017cami i ...<br \/><div class=\"pt-cv-rmwrap\"><a href=\"https:\/\/alicanteabout.com\/pl\/things-to-know\/alicante-or-malaga\/\" class=\"_self pt-cv-readmore btn btn-success\" target=\"_self\">Czytaj wi\u0119cej<\/a><\/div><\/div><\/div><\/div>\n<div class=\"col-md-6 col-sm-6 col-xs-12 pt-cv-content-item pt-cv-1-col\" ><div class='pt-cv-ifield'><a href=\"https:\/\/alicanteabout.com\/pl\/things-to-know\/how-is-halloween-in-alicante\/\" class=\"_self pt-cv-href-thumbnail pt-cv-thumb-default\" target=\"_self\" ><img loading=\"lazy\" decoding=\"async\" width=\"300\" height=\"230\" src=\"https:\/\/alicanteabout.com\/wp-content\/uploads\/2019\/10\/halloween-1757492_1280-300x230.jpg\" class=\"pt-cv-thumbnail\" alt=\"halloween\" srcset=\"https:\/\/alicanteabout.com\/wp-content\/uploads\/2019\/10\/halloween-1757492_1280-300x230.jpg 300w, https:\/\/alicanteabout.com\/wp-content\/uploads\/2019\/10\/halloween-1757492_1280-1024x786.jpg 1024w, https:\/\/alicanteabout.com\/wp-content\/uploads\/2019\/10\/halloween-1757492_1280-768x590.jpg 768w, https:\/\/alicanteabout.com\/wp-content\/uploads\/2019\/10\/halloween-1757492_1280.jpg 1280w\" sizes=\"auto, (max-width: 300px) 100vw, 300px\" \/><\/a>\n<h4 class=\"pt-cv-title\"><a href=\"https:\/\/alicanteabout.com\/pl\/things-to-know\/how-is-halloween-in-alicante\/\" class=\"_self\" target=\"_self\" >Jak wygl\u0105da Halloween w Alicante i Hiszpanii?<\/a><\/h4>\n<div class=\"pt-cv-content\">Halloween to nowa tradycja w hiszpa\u0144skim Alicante, ale \u015bwi\u0119to Todos Los Santos, obchodzone 1 listopada, ju\u017c od ...<br \/><div class=\"pt-cv-rmwrap\"><a href=\"https:\/\/alicanteabout.com\/pl\/things-to-know\/how-is-halloween-in-alicante\/\" class=\"_self pt-cv-readmore btn btn-success\" target=\"_self\">Czytaj wi\u0119cej<\/a><\/div><\/div><\/div><\/div><\/div><\/div><\/div>\n\n\n\n<hr class=\"wp-block-separator has-css-opacity\"\/>\n\n\n\n<h2 class=\"wp-block-heading\"><a href=\"https:\/\/alicanteabout.com\/pl\/kategoria\/pieniadze\/\">Pieni\u0105dze:<\/a><\/h2>\n\n\n<div class=\"pt-cv-wrapper\"><div class=\"pt-cv-view pt-cv-grid pt-cv-colsys\" id=\"pt-cv-view-1a764f7lhn\"><div data-id=\"pt-cv-page-1\" class=\"pt-cv-page\" data-cvc=\"2\"><div class=\"col-md-6 col-sm-6 col-xs-12 pt-cv-content-item pt-cv-1-col\" ><div class='pt-cv-ifield'><a href=\"https:\/\/alicanteabout.com\/pl\/money\/characteristics-of-banks-in-alicante-spain\/\" class=\"_self pt-cv-href-thumbnail pt-cv-thumb-default\" target=\"_self\" ><img loading=\"lazy\" decoding=\"async\" width=\"300\" height=\"194\" src=\"https:\/\/alicanteabout.com\/wp-content\/uploads\/2019\/10\/spanish_banks-300x194.jpg\" class=\"pt-cv-thumbnail\" alt=\"Niewiele bank\u00f3w w Hiszpanii\" srcset=\"https:\/\/alicanteabout.com\/wp-content\/uploads\/2019\/10\/spanish_banks-300x194.jpg 300w, https:\/\/alicanteabout.com\/wp-content\/uploads\/2019\/10\/spanish_banks.jpg 400w\" sizes=\"auto, (max-width: 300px) 100vw, 300px\" \/><\/a>\n<h4 class=\"pt-cv-title\"><a href=\"https:\/\/alicanteabout.com\/pl\/money\/characteristics-of-banks-in-alicante-spain\/\" class=\"_self\" target=\"_self\" >Bankowo\u015b\u0107 w Alicante i Hiszpanii<\/a><\/h4>\n<div class=\"pt-cv-content\">Wszystkie banki w Europie i na Zachodzie s\u0105 bardzo podobne, ale jest to sektor, w kt\u00f3rym r\u00f3\u017cne kraje maj\u0105 ...<br \/><div class=\"pt-cv-rmwrap\"><a href=\"https:\/\/alicanteabout.com\/pl\/money\/characteristics-of-banks-in-alicante-spain\/\" class=\"_self pt-cv-readmore btn btn-success\" target=\"_self\">Czytaj wi\u0119cej<\/a><\/div><\/div><\/div><\/div><\/div><\/div><\/div>\n\n\n\n<hr class=\"wp-block-separator has-css-opacity\"\/>\n\n\n\n<h2 class=\"wp-block-heading\"><a href=\"https:\/\/alicanteabout.com\/pl\/kategoria\/festiwale\/\">Festiwale:<\/a><\/h2>\n\n\n<div class=\"pt-cv-wrapper\"><div class=\"pt-cv-view pt-cv-grid pt-cv-colsys\" id=\"pt-cv-view-781b7fdwn5\"><div data-id=\"pt-cv-page-1\" class=\"pt-cv-page\" data-cvc=\"2\"><div class=\"col-md-6 col-sm-6 col-xs-12 pt-cv-content-item pt-cv-1-col\" ><div class='pt-cv-ifield'><a href=\"https:\/\/alicanteabout.com\/pl\/festivals\/alicante-carnival-events-details-history\/\" class=\"_self pt-cv-href-thumbnail pt-cv-thumb-default\" target=\"_self\" ><img loading=\"lazy\" decoding=\"async\" width=\"300\" height=\"300\" src=\"https:\/\/alicanteabout.com\/wp-content\/uploads\/2024\/02\/dalle-artwork-alicante-carnival-300x300.png\" class=\"pt-cv-thumbnail\" alt=\"\" srcset=\"https:\/\/alicanteabout.com\/wp-content\/uploads\/2024\/02\/dalle-artwork-alicante-carnival-300x300.png 300w, https:\/\/alicanteabout.com\/wp-content\/uploads\/2024\/02\/dalle-artwork-alicante-carnival-150x150.png 150w, https:\/\/alicanteabout.com\/wp-content\/uploads\/2024\/02\/dalle-artwork-alicante-carnival-768x768.png 768w, https:\/\/alicanteabout.com\/wp-content\/uploads\/2024\/02\/dalle-artwork-alicante-carnival-12x12.png 12w, https:\/\/alicanteabout.com\/wp-content\/uploads\/2024\/02\/dalle-artwork-alicante-carnival.png 1024w\" sizes=\"auto, (max-width: 300px) 100vw, 300px\" \/><\/a>\n<h4 class=\"pt-cv-title\"><a href=\"https:\/\/alicanteabout.com\/pl\/festivals\/alicante-carnival-events-details-history\/\" class=\"_self\" target=\"_self\" >Karnawa\u0142 w Alicante - wydarzenia, szczeg\u00f3\u0142y i historia<\/a><\/h4>\n<div class=\"pt-cv-content\">Karnawa\u0142 w Alicante jest jednym z najbardziej lubianych tradycyjnych festiwali w mie\u015bcie. Tysi\u0105ce ludzi przebiera si\u0119 w kostiumy podczas ...<br \/><div class=\"pt-cv-rmwrap\"><a href=\"https:\/\/alicanteabout.com\/pl\/festivals\/alicante-carnival-events-details-history\/\" class=\"_self pt-cv-readmore btn btn-success\" target=\"_self\">Czytaj wi\u0119cej<\/a><\/div><\/div><\/div><\/div>\n<div class=\"col-md-6 col-sm-6 col-xs-12 pt-cv-content-item pt-cv-1-col\" ><div class='pt-cv-ifield'><a href=\"https:\/\/alicanteabout.com\/pl\/festivals\/alicante-bonfires-a-guide-to-the-hogueras-de-san-juan-festival\/\" class=\"_self pt-cv-href-thumbnail pt-cv-thumb-default\" target=\"_self\" ><img loading=\"lazy\" decoding=\"async\" width=\"169\" height=\"300\" src=\"https:\/\/alicanteabout.com\/wp-content\/uploads\/2023\/06\/hoguera_in_alicante-169x300.jpg\" class=\"pt-cv-thumbnail\" alt=\"Hoguera montowana na pocz\u0105tku festiwalu Hogueras w Alicante\" srcset=\"https:\/\/alicanteabout.com\/wp-content\/uploads\/2023\/06\/hoguera_in_alicante-169x300.jpg 169w, https:\/\/alicanteabout.com\/wp-content\/uploads\/2023\/06\/hoguera_in_alicante-576x1024.jpg 576w, https:\/\/alicanteabout.com\/wp-content\/uploads\/2023\/06\/hoguera_in_alicante.jpg 720w\" sizes=\"auto, (max-width: 169px) 100vw, 169px\" \/><\/a>\n<h4 class=\"pt-cv-title\"><a href=\"https:\/\/alicanteabout.com\/pl\/festivals\/alicante-bonfires-a-guide-to-the-hogueras-de-san-juan-festival\/\" class=\"_self\" target=\"_self\" >Ogniska w Alicante - przewodnik po festiwalu Hogueras de San Juan<\/a><\/h4>\n<div class=\"pt-cv-content\">Podczas Las Hogueras de San Juan - czyli Ognisk \u015awi\u0119tego Jana - ka\u017cdy mo\u017ce \u015bwi\u0119towa\u0107 szczeg\u00f3lne \u015bwi\u0119toja\u0144skie ...<br \/><div class=\"pt-cv-rmwrap\"><a href=\"https:\/\/alicanteabout.com\/pl\/festivals\/alicante-bonfires-a-guide-to-the-hogueras-de-san-juan-festival\/\" class=\"_self pt-cv-readmore btn btn-success\" target=\"_self\">Czytaj wi\u0119cej<\/a><\/div><\/div><\/div><\/div>\n<div class=\"col-md-6 col-sm-6 col-xs-12 pt-cv-content-item pt-cv-1-col\" ><div class='pt-cv-ifield'><a href=\"https:\/\/alicanteabout.com\/pl\/festivals\/santa-faz-pilgrimage\/\" class=\"_self pt-cv-href-thumbnail pt-cv-thumb-default\" target=\"_self\" ><img loading=\"lazy\" decoding=\"async\" width=\"300\" height=\"225\" src=\"https:\/\/alicanteabout.com\/wp-content\/uploads\/2023\/05\/santa_faz_monastery-300x225.jpg\" class=\"pt-cv-thumbnail\" alt=\"Klasztor Santa Faz w dniu pielgrzymki do Santa Faz\" srcset=\"https:\/\/alicanteabout.com\/wp-content\/uploads\/2023\/05\/santa_faz_monastery-300x225.jpg 300w, https:\/\/alicanteabout.com\/wp-content\/uploads\/2023\/05\/santa_faz_monastery-1024x768.jpg 1024w, https:\/\/alicanteabout.com\/wp-content\/uploads\/2023\/05\/santa_faz_monastery-768x576.jpg 768w, https:\/\/alicanteabout.com\/wp-content\/uploads\/2023\/05\/santa_faz_monastery-1536x1152.jpg 1536w, https:\/\/alicanteabout.com\/wp-content\/uploads\/2023\/05\/santa_faz_monastery-2048x1536.jpg 2048w\" sizes=\"auto, (max-width: 300px) 100vw, 300px\" \/><\/a>\n<h4 class=\"pt-cv-title\"><a href=\"https:\/\/alicanteabout.com\/pl\/festivals\/santa-faz-pilgrimage\/\" class=\"_self\" target=\"_self\" >Festiwal pielgrzymkowy Santa Faz<\/a><\/h4>\n<div class=\"pt-cv-content\">Santa Faz lub Pielgrzymka do \u015awi\u0119tego Oblicza - po hiszpa\u0144sku Romer\u00eda de Santa Faz - to spacer mi\u0119dzy katedr\u0105 w Alicante a ...<br \/><div class=\"pt-cv-rmwrap\"><a href=\"https:\/\/alicanteabout.com\/pl\/festivals\/santa-faz-pilgrimage\/\" class=\"_self pt-cv-readmore btn btn-success\" target=\"_self\">Czytaj wi\u0119cej<\/a><\/div><\/div><\/div><\/div>\n<div class=\"col-md-6 col-sm-6 col-xs-12 pt-cv-content-item pt-cv-1-col\" ><div class='pt-cv-ifield'><a href=\"https:\/\/alicanteabout.com\/pl\/festivals\/easter-in-alicante\/\" class=\"_self pt-cv-href-thumbnail pt-cv-thumb-default\" target=\"_self\" ><img loading=\"lazy\" decoding=\"async\" width=\"300\" height=\"225\" src=\"https:\/\/alicanteabout.com\/wp-content\/uploads\/2023\/05\/easter_float_alicante-300x225.jpg\" class=\"pt-cv-thumbnail\" alt=\"P\u0142ywak wielkanocny w Alicante\" srcset=\"https:\/\/alicanteabout.com\/wp-content\/uploads\/2023\/05\/easter_float_alicante-300x225.jpg 300w, https:\/\/alicanteabout.com\/wp-content\/uploads\/2023\/05\/easter_float_alicante-1024x768.jpg 1024w, https:\/\/alicanteabout.com\/wp-content\/uploads\/2023\/05\/easter_float_alicante-768x576.jpg 768w, https:\/\/alicanteabout.com\/wp-content\/uploads\/2023\/05\/easter_float_alicante-1536x1152.jpg 1536w, https:\/\/alicanteabout.com\/wp-content\/uploads\/2023\/05\/easter_float_alicante-2048x1536.jpg 2048w\" sizes=\"auto, (max-width: 300px) 100vw, 300px\" \/><\/a>\n<h4 class=\"pt-cv-title\"><a href=\"https:\/\/alicanteabout.com\/pl\/festivals\/easter-in-alicante\/\" class=\"_self\" target=\"_self\" >Wielkanoc w Alicante: procesje, tradycje, rozk\u0142ady jazdy i praktyczne wskaz\u00f3wki<\/a><\/h4>\n<div class=\"pt-cv-content\">Wielkanoc to \u015bwi\u0119to dziedzictwa religijnego obchodzone w wi\u0119kszo\u015bci kraj\u00f3w tradycyjnie chrze\u015bcija\u0144skich. Tradycje Semana Santa w Alicante ...<br \/><div class=\"pt-cv-rmwrap\"><a href=\"https:\/\/alicanteabout.com\/pl\/festivals\/easter-in-alicante\/\" class=\"_self pt-cv-readmore btn btn-success\" target=\"_self\">Czytaj wi\u0119cej<\/a><\/div><\/div><\/div><\/div><\/div><\/div><\/div>","protected":false},"excerpt":{"rendered":"<p>Operatorzy sieci: Pla\u017ce w Alicante: Lotnisko w Alicante: Co robi\u0107: Transport: Miejsca: Pogoda: Co warto wiedzie\u0107: Pieni\u0105dze: Festiwale:<\/p>","protected":false},"author":1,"featured_media":0,"parent":0,"menu_order":0,"comment_status":"closed","ping_status":"closed","template":"","meta":{"footnotes":""},"class_list":["post-11","page","type-page","status-publish","hentry"],"yoast_head":"<!-- This site is optimized with the Yoast SEO plugin v27.1.1 - https:\/\/yoast.com\/product\/yoast-seo-wordpress\/ -->\n<title>Guide to Alicante \ud83c\udf05 [by An Alicantinian] - AlicanteAbout.com<\/title>\n<meta name=\"description\" content=\"Find practical and cultural information if you want to visit or move to Alicante. Alicante About is your guide to Alicante.\" \/>\n<meta name=\"robots\" content=\"index, follow, max-snippet:-1, max-image-preview:large, max-video-preview:-1\" \/>\n<link rel=\"canonical\" href=\"https:\/\/alicanteabout.com\/pl\/\" \/>\n<meta property=\"og:locale\" content=\"pl_PL\" \/>\n<meta property=\"og:type\" content=\"article\" \/>\n<meta property=\"og:title\" content=\"Guide to Alicante \ud83c\udf05 [by An Alicantinian] - AlicanteAbout.com\" \/>\n<meta property=\"og:description\" content=\"Find practical and cultural information if you want to visit or move to Alicante. Alicante About is your guide to Alicante.\" \/>\n<meta property=\"og:url\" content=\"https:\/\/alicanteabout.com\/pl\/\" \/>\n<meta property=\"og:site_name\" content=\"AlicanteAbout.com\" \/>\n<meta property=\"article:publisher\" content=\"https:\/\/www.facebook.com\/AlicanteAbout\" \/>\n<meta property=\"article:modified_time\" content=\"2023-12-12T23:35:36+00:00\" \/>\n<meta property=\"og:image\" content=\"https:\/\/alicanteabout.com\/wp-content\/uploads\/2023\/08\/cara-del-moro-from-postiguet-scaled.jpg\" \/>\n\t<meta property=\"og:image:width\" content=\"2560\" \/>\n\t<meta property=\"og:image:height\" content=\"1920\" \/>\n\t<meta property=\"og:image:type\" content=\"image\/jpeg\" \/>\n<meta name=\"twitter:card\" content=\"summary_large_image\" \/>\n<meta name=\"twitter:site\" content=\"@AlicanteAbout\" \/>\n<meta name=\"twitter:label1\" content=\"Szacowany czas czytania\" \/>\n\t<meta name=\"twitter:data1\" content=\"1 minuta\" \/>\n<script type=\"application\/ld+json\" class=\"yoast-schema-graph\">{\"@context\":\"https:\/\/schema.org\",\"@graph\":[{\"@type\":\"WebPage\",\"@id\":\"https:\/\/alicanteabout.com\/\",\"url\":\"https:\/\/alicanteabout.com\/\",\"name\":\"Guide to Alicante \ud83c\udf05 [by An Alicantinian] - AlicanteAbout.com\",\"isPartOf\":{\"@id\":\"https:\/\/alicanteabout.com\/#website\"},\"datePublished\":\"2019-10-04T19:48:29+00:00\",\"dateModified\":\"2023-12-12T23:35:36+00:00\",\"description\":\"Find practical and cultural information if you want to visit or move to Alicante. Alicante About is your guide to Alicante.\",\"breadcrumb\":{\"@id\":\"https:\/\/alicanteabout.com\/#breadcrumb\"},\"inLanguage\":\"pl-PL\",\"potentialAction\":[{\"@type\":\"ReadAction\",\"target\":[\"https:\/\/alicanteabout.com\/\"]}]},{\"@type\":\"BreadcrumbList\",\"@id\":\"https:\/\/alicanteabout.com\/#breadcrumb\",\"itemListElement\":[{\"@type\":\"ListItem\",\"position\":1,\"name\":\"Home\",\"item\":\"https:\/\/alicanteabout.com\/\"},{\"@type\":\"ListItem\",\"position\":2,\"name\":\"Guide to Alicante \ud83c\udf05 [by An Alicantinian]\"}]},{\"@type\":\"WebSite\",\"@id\":\"https:\/\/alicanteabout.com\/#website\",\"url\":\"https:\/\/alicanteabout.com\/\",\"name\":\"AlicanteAbout.com\",\"description\":\"Your Guide to Alicante [By an Alicantinian]\",\"potentialAction\":[{\"@type\":\"SearchAction\",\"target\":{\"@type\":\"EntryPoint\",\"urlTemplate\":\"https:\/\/alicanteabout.com\/?s={search_term_string}\"},\"query-input\":{\"@type\":\"PropertyValueSpecification\",\"valueRequired\":true,\"valueName\":\"search_term_string\"}}],\"inLanguage\":\"pl-PL\"}]}<\/script>\n<!-- \/ Yoast SEO plugin. -->","yoast_head_json":{"title":"Guide to Alicante \ud83c\udf05 [by An Alicantinian] - AlicanteAbout.com","description":"Znajd\u017a praktyczne i kulturalne informacje, je\u015bli chcesz odwiedzi\u0107 lub przeprowadzi\u0107 si\u0119 do Alicante. Alicante About to przewodnik po Alicante.","robots":{"index":"index","follow":"follow","max-snippet":"max-snippet:-1","max-image-preview":"max-image-preview:large","max-video-preview":"max-video-preview:-1"},"canonical":"https:\/\/alicanteabout.com\/pl\/","og_locale":"pl_PL","og_type":"article","og_title":"Guide to Alicante \ud83c\udf05 [by An Alicantinian] - AlicanteAbout.com","og_description":"Find practical and cultural information if you want to visit or move to Alicante. Alicante About is your guide to Alicante.","og_url":"https:\/\/alicanteabout.com\/pl\/","og_site_name":"AlicanteAbout.com","article_publisher":"https:\/\/www.facebook.com\/AlicanteAbout","article_modified_time":"2023-12-12T23:35:36+00:00","og_image":[{"width":2560,"height":1920,"url":"https:\/\/alicanteabout.com\/wp-content\/uploads\/2023\/08\/cara-del-moro-from-postiguet-scaled.jpg","type":"image\/jpeg"}],"twitter_card":"summary_large_image","twitter_site":"@AlicanteAbout","twitter_misc":{"Szacowany czas czytania":"1 minuta"},"schema":{"@context":"https:\/\/schema.org","@graph":[{"@type":"WebPage","@id":"https:\/\/alicanteabout.com\/","url":"https:\/\/alicanteabout.com\/","name":"Guide to Alicante \ud83c\udf05 [by An Alicantinian] - AlicanteAbout.com","isPartOf":{"@id":"https:\/\/alicanteabout.com\/#website"},"datePublished":"2019-10-04T19:48:29+00:00","dateModified":"2023-12-12T23:35:36+00:00","description":"Znajd\u017a praktyczne i kulturalne informacje, je\u015bli chcesz odwiedzi\u0107 lub przeprowadzi\u0107 si\u0119 do Alicante. Alicante About to przewodnik po Alicante.","breadcrumb":{"@id":"https:\/\/alicanteabout.com\/#breadcrumb"},"inLanguage":"pl-PL","potentialAction":[{"@type":"ReadAction","target":["https:\/\/alicanteabout.com\/"]}]},{"@type":"BreadcrumbList","@id":"https:\/\/alicanteabout.com\/#breadcrumb","itemListElement":[{"@type":"ListItem","position":1,"name":"Home","item":"https:\/\/alicanteabout.com\/"},{"@type":"ListItem","position":2,"name":"Guide to Alicante \ud83c\udf05 [by An Alicantinian]"}]},{"@type":"WebSite","@id":"https:\/\/alicanteabout.com\/#website","url":"https:\/\/alicanteabout.com\/","name":"AlicanteAbout.com","description":"Your Guide to Alicante [By an Alicantinian]","potentialAction":[{"@type":"SearchAction","target":{"@type":"EntryPoint","urlTemplate":"https:\/\/alicanteabout.com\/?s={search_term_string}"},"query-input":{"@type":"PropertyValueSpecification","valueRequired":true,"valueName":"search_term_string"}}],"inLanguage":"pl-PL"}]}},"_links":{"self":[{"href":"https:\/\/alicanteabout.com\/pl\/wp-json\/wp\/v2\/pages\/11","targetHints":{"allow":["GET"]}}],"collection":[{"href":"https:\/\/alicanteabout.com\/pl\/wp-json\/wp\/v2\/pages"}],"about":[{"href":"https:\/\/alicanteabout.com\/pl\/wp-json\/wp\/v2\/types\/page"}],"author":[{"embeddable":true,"href":"https:\/\/alicanteabout.com\/pl\/wp-json\/wp\/v2\/users\/1"}],"replies":[{"embeddable":true,"href":"https:\/\/alicanteabout.com\/pl\/wp-json\/wp\/v2\/comments?post=11"}],"version-history":[{"count":31,"href":"https:\/\/alicanteabout.com\/pl\/wp-json\/wp\/v2\/pages\/11\/revisions"}],"predecessor-version":[{"id":6238,"href":"https:\/\/alicanteabout.com\/pl\/wp-json\/wp\/v2\/pages\/11\/revisions\/6238"}],"wp:attachment":[{"href":"https:\/\/alicanteabout.com\/pl\/wp-json\/wp\/v2\/media?parent=11"}],"curies":[{"name":"wp","href":"https:\/\/api.w.org\/{rel}","templated":true}]}}